{"id":2889,"date":"2023-06-09T07:49:09","date_gmt":"2023-06-09T07:49:09","guid":{"rendered":"https:\/\/nelvaresort.com\/?page_id=2889"},"modified":"2025-12-04T15:32:45","modified_gmt":"2025-12-04T15:32:45","slug":"que-ver-en-menorca","status":"publish","type":"page","link":"https:\/\/nelvaresort.com\/fr\/que-ver-en-menorca\/","title":{"rendered":"Environnement"},"content":{"rendered":"<div data-elementor-type=\"wp-page\" data-elementor-id=\"2889\" class=\"elementor elementor-2889\" data-elementor-post-type=\"page\">\n\t\t\t\t\t\t<section class=\"elementor-section elementor-top-section elementor-element elementor-element-2926e4da elementor-section-full_width elementor-section-height-min-height hero-lcp-wrapper elementor-section-height-default elementor-section-items-middle\" data-id=\"2926e4da\" data-element_type=\"section\" data-e-type=\"section\">\n\t\t\t\t\t\t<div class=\"elementor-container elementor-column-gap-no\">\n\t\t\t\t\t<div class=\"elementor-column elementor-col-100 elementor-top-column elementor-element elementor-element-4f1a7d40\" data-id=\"4f1a7d40\" data-element_type=\"column\" data-e-type=\"column\">\n\t\t\t<div class=\"elementor-widget-wrap elementor-element-populated\">\n\t\t\t\t\t\t<div class=\"elementor-element elementor-element-75773a0b elementor-absolute elementor-widget-mobile__width-auto elementor-widget elementor-widget-heading\" data-id=\"75773a0b\" data-element_type=\"widget\" data-e-type=\"widget\" data-settings=\"{&quot;_position&quot;:&quot;absolute&quot;}\" data-widget_type=\"heading.default\">\n\t\t\t\t\t<h1 class=\"elementor-heading-title elementor-size-default\">Que voir \u00e0 Minorque<\/h1>\t\t\t\t<\/div>\n\t\t\t\t<div class=\"elementor-element elementor-element-1ba5753 elementor-absolute elementor-widget-mobile__width-auto elementor-widget elementor-widget-text-editor\" data-id=\"1ba5753\" data-element_type=\"widget\" data-e-type=\"widget\" data-settings=\"{&quot;_position&quot;:&quot;absolute&quot;}\" data-widget_type=\"text-editor.default\">\n\t\t\t\t\t\t\t\t\t<p><strong>Dans un environnement privil\u00e9gi\u00e9, d\u00e9couvrez l'offre de l'un des paradis de la M\u00e9diterran\u00e9e.<\/strong><\/p>\t\t\t\t\t\t\t\t<\/div>\n\t\t\t\t<div class=\"elementor-element elementor-element-19214cf8 hero-lcp elementor-widget elementor-widget-image\" data-id=\"19214cf8\" data-element_type=\"widget\" data-e-type=\"widget\" decoding=\"async\" data-no-lazy=\"1\" fetchpriority=\"high\" loading=\"eager\" data-widget_type=\"image.default\">\n\t\t\t\t\t\t\t\t\t\t\t\t\t\t\t<img loading=\"lazy\" decoding=\"async\" width=\"1024\" height=\"683\" src=\"https:\/\/nelvaresort.com\/wp-content\/uploads\/2023\/09\/cala-macarelleta-menorca-1024x683-1.jpg\" class=\"attachment-full size-full wp-image-3338\" alt=\"Minorque\" srcset=\"https:\/\/nelvaresort.com\/wp-content\/uploads\/2023\/09\/cala-macarelleta-menorca-1024x683-1.jpg.webp 1024w, https:\/\/nelvaresort.com\/wp-content\/uploads\/2023\/09\/cala-macarelleta-menorca-1024x683-1-300x200.jpg.webp 300w, https:\/\/nelvaresort.com\/wp-content\/uploads\/2023\/09\/cala-macarelleta-menorca-1024x683-1-768x512.jpg.webp 768w, https:\/\/nelvaresort.com\/wp-content\/uploads\/2023\/09\/cala-macarelleta-menorca-1024x683-1-18x12.jpg.webp 18w, https:\/\/nelvaresort.com\/wp-content\/uploads\/2023\/09\/cala-macarelleta-menorca-1024x683-1-600x400.jpg.webp 600w\" sizes=\"auto, (max-width: 1024px) 100vw, 1024px\" \/>\t\t\t\t\t\t\t\t\t\t\t\t\t\t\t<\/div>\n\t\t\t\t\t<\/div>\n\t\t<\/div>\n\t\t\t\t\t<\/div>\n\t\t<\/section>\n\t\t\t\t<section class=\"elementor-section elementor-top-section elementor-element elementor-element-278046b9 elementor-section-boxed elementor-section-height-default elementor-section-height-default\" data-id=\"278046b9\" data-element_type=\"section\" data-e-type=\"section\" data-settings=\"{&quot;background_background&quot;:&quot;classic&quot;}\">\n\t\t\t\t\t\t\t<div class=\"elementor-background-overlay\"><\/div>\n\t\t\t\t\t\t\t<div class=\"elementor-container elementor-column-gap-default\">\n\t\t\t\t\t<div class=\"elementor-column elementor-col-100 elementor-top-column elementor-element elementor-element-1f44b803\" data-id=\"1f44b803\" data-element_type=\"column\" data-e-type=\"column\">\n\t\t\t<div class=\"elementor-widget-wrap elementor-element-populated\">\n\t\t\t\t\t\t<div class=\"elementor-element elementor-element-5395b670 elementor-widget elementor-widget-heading\" data-id=\"5395b670\" data-element_type=\"widget\" data-e-type=\"widget\" data-widget_type=\"heading.default\">\n\t\t\t\t\t<h2 class=\"elementor-heading-title elementor-size-default\"><a href=\"https:\/\/booking.avirato.com\/?code=49919346\">Offre web \u00e0 partir de 5% tous les appartements<\/a><\/h2>\t\t\t\t<\/div>\n\t\t\t\t\t<\/div>\n\t\t<\/div>\n\t\t\t\t\t<\/div>\n\t\t<\/section>\n\t\t\t\t<section class=\"elementor-section elementor-top-section elementor-element elementor-element-e5f0bbb elementor-reverse-tablet elementor-reverse-mobile elementor-section-boxed elementor-section-height-default elementor-section-height-default\" data-id=\"e5f0bbb\" data-element_type=\"section\" data-e-type=\"section\" data-settings=\"{&quot;background_background&quot;:&quot;classic&quot;}\">\n\t\t\t\t\t\t<div class=\"elementor-container elementor-column-gap-extended\">\n\t\t\t\t\t<div class=\"elementor-column elementor-col-50 elementor-top-column elementor-element elementor-element-916cd4b\" data-id=\"916cd4b\" data-element_type=\"column\" data-e-type=\"column\">\n\t\t\t<div class=\"elementor-widget-wrap elementor-element-populated\">\n\t\t\t\t\t\t<div class=\"elementor-element elementor-element-92d694f elementor-widget__width-inherit elementor-widget-mobile__width-inherit elementor-widget elementor-widget-image-box\" data-id=\"92d694f\" data-element_type=\"widget\" data-e-type=\"widget\" data-widget_type=\"image-box.default\">\n\t\t\t\t\t<div class=\"elementor-image-box-wrapper\"><div class=\"elementor-image-box-content\"><h2 class=\"elementor-image-box-title\">Minorque, un cadre privil\u00e9gi\u00e9<\/h2><\/div><\/div>\t\t\t\t<\/div>\n\t\t\t\t<div class=\"elementor-element elementor-element-6eb1c75 elementor-widget elementor-widget-text-editor\" data-id=\"6eb1c75\" data-element_type=\"widget\" data-e-type=\"widget\" data-widget_type=\"text-editor.default\">\n\t\t\t\t\t\t\t\t\t<p>Minorque est l'un des paradis de la M\u00e9diterran\u00e9e occidentale, une perle baign\u00e9e par une mer douce et prot\u00e9g\u00e9e par un climat cl\u00e9ment. Une bande chromatique infinie vous permet de voir comment le bleu de son ciel se m\u00eale au turquoise de ses eaux, au vert fonc\u00e9 de ses for\u00eats, au brun de ses rochers et au blanc de ses plages.<\/p><p>Avec ses 216 kilom\u00e8tres de c\u00f4tes, Minorque compte plus de 70 plages, avec du sable blanc fin au sud et des tons rouge\u00e2tres dans les criques plus accident\u00e9es du nord, et une infinit\u00e9 de petites criques sablonneuses et rocheuses. Sa vari\u00e9t\u00e9 g\u00e9ologique en fait un lieu d'une beaut\u00e9 incontestable o\u00f9 les falaises sauvages contrastent avec les plages de sable doux.<\/p>\t\t\t\t\t\t\t\t<\/div>\n\t\t\t\t\t<\/div>\n\t\t<\/div>\n\t\t\t\t<div class=\"elementor-column elementor-col-50 elementor-top-column elementor-element elementor-element-53fc916\" data-id=\"53fc916\" data-element_type=\"column\" data-e-type=\"column\">\n\t\t\t<div class=\"elementor-widget-wrap elementor-element-populated\">\n\t\t\t\t\t\t<div class=\"elementor-element elementor-element-32581ed elementor-widget elementor-widget-image\" data-id=\"32581ed\" data-element_type=\"widget\" data-e-type=\"widget\" data-widget_type=\"image.default\">\n\t\t\t\t\t\t\t\t\t\t\t\t\t\t\t<img loading=\"lazy\" decoding=\"async\" width=\"1024\" height=\"766\" src=\"https:\/\/nelvaresort.com\/wp-content\/uploads\/2023\/09\/macarella-menorca.webp\" class=\"attachment-large size-large wp-image-3342\" alt=\"maquereau cala\" srcset=\"https:\/\/nelvaresort.com\/wp-content\/uploads\/2023\/09\/macarella-menorca.webp 1024w, https:\/\/nelvaresort.com\/wp-content\/uploads\/2023\/09\/macarella-menorca-300x224.webp 300w, https:\/\/nelvaresort.com\/wp-content\/uploads\/2023\/09\/macarella-menorca-768x575.webp 768w, https:\/\/nelvaresort.com\/wp-content\/uploads\/2023\/09\/macarella-menorca-16x12.webp 16w, https:\/\/nelvaresort.com\/wp-content\/uploads\/2023\/09\/macarella-menorca-600x449.webp 600w\" sizes=\"auto, (max-width: 1024px) 100vw, 1024px\" \/>\t\t\t\t\t\t\t\t\t\t\t\t\t\t\t<\/div>\n\t\t\t\t\t<\/div>\n\t\t<\/div>\n\t\t\t\t\t<\/div>\n\t\t<\/section>\n\t\t\t\t<section class=\"elementor-section elementor-top-section elementor-element elementor-element-5475674 elementor-section-boxed elementor-section-height-default elementor-section-height-default\" data-id=\"5475674\" data-element_type=\"section\" data-e-type=\"section\">\n\t\t\t\t\t\t<div class=\"elementor-container elementor-column-gap-default\">\n\t\t\t\t\t<div class=\"elementor-column elementor-col-50 elementor-top-column elementor-element elementor-element-6f08e9b\" data-id=\"6f08e9b\" data-element_type=\"column\" data-e-type=\"column\">\n\t\t\t<div class=\"elementor-widget-wrap elementor-element-populated\">\n\t\t\t\t\t\t<div class=\"elementor-element elementor-element-49ec837 elementor-widget elementor-widget-text-editor\" data-id=\"49ec837\" data-element_type=\"widget\" data-e-type=\"widget\" data-widget_type=\"text-editor.default\">\n\t\t\t\t\t\t\t\t\t<p>De plus, les ports nous montrent une tradition maritime qui continue comme mode de vie pour beaucoup et comme plaisir de naviguer pour d&#039;autres. Minorque vit face \u00e0 la mer et ses phares r\u00e9partis dans toute sa g\u00e9ographie nous le rappellent.<\/p><p>Tout ce paysage accueille les voyageurs et s'adapte \u00e0 leurs besoins. Les familles trouveront ici un tourisme plein de propositions et d'installations pour profiter avec les enfants. De m\u00eame, les couples ou les groupes d'amis peuvent profiter d'une vie nocturne anim\u00e9e pour compl\u00e9ter une journ\u00e9e \u00e0 la plage et des excursions.<\/p>\t\t\t\t\t\t\t\t<\/div>\n\t\t\t\t<div class=\"elementor-element elementor-element-9ace2a9 elementor-widget elementor-widget-image\" data-id=\"9ace2a9\" data-element_type=\"widget\" data-e-type=\"widget\" data-widget_type=\"image.default\">\n\t\t\t\t\t\t\t\t\t\t\t\t\t\t\t<img loading=\"lazy\" decoding=\"async\" width=\"1024\" height=\"683\" src=\"https:\/\/nelvaresort.com\/wp-content\/uploads\/2023\/09\/cala-macarelleta-menorca-1024x683-1.jpg\" class=\"attachment-large size-large wp-image-3338\" alt=\"Minorque\" srcset=\"https:\/\/nelvaresort.com\/wp-content\/uploads\/2023\/09\/cala-macarelleta-menorca-1024x683-1.jpg.webp 1024w, https:\/\/nelvaresort.com\/wp-content\/uploads\/2023\/09\/cala-macarelleta-menorca-1024x683-1-300x200.jpg.webp 300w, https:\/\/nelvaresort.com\/wp-content\/uploads\/2023\/09\/cala-macarelleta-menorca-1024x683-1-768x512.jpg.webp 768w, https:\/\/nelvaresort.com\/wp-content\/uploads\/2023\/09\/cala-macarelleta-menorca-1024x683-1-18x12.jpg.webp 18w, https:\/\/nelvaresort.com\/wp-content\/uploads\/2023\/09\/cala-macarelleta-menorca-1024x683-1-600x400.jpg.webp 600w\" sizes=\"auto, (max-width: 1024px) 100vw, 1024px\" \/>\t\t\t\t\t\t\t\t\t\t\t\t\t\t\t<\/div>\n\t\t\t\t<div class=\"elementor-element elementor-element-02d0033 elementor-widget elementor-widget-heading\" data-id=\"02d0033\" data-element_type=\"widget\" data-e-type=\"widget\" data-widget_type=\"heading.default\">\n\t\t\t\t\t<p class=\"elementor-heading-title elementor-size-default\">Macarelleta Cove<\/p>\t\t\t\t<\/div>\n\t\t\t\t\t<\/div>\n\t\t<\/div>\n\t\t\t\t<div class=\"elementor-column elementor-col-50 elementor-top-column elementor-element elementor-element-84af94e\" data-id=\"84af94e\" data-element_type=\"column\" data-e-type=\"column\">\n\t\t\t<div class=\"elementor-widget-wrap elementor-element-populated\">\n\t\t\t\t\t\t<div class=\"elementor-element elementor-element-b0a8305 elementor-widget elementor-widget-image\" data-id=\"b0a8305\" data-element_type=\"widget\" data-e-type=\"widget\" data-widget_type=\"image.default\">\n\t\t\t\t\t\t\t\t\t\t\t\t\t\t\t<img loading=\"lazy\" decoding=\"async\" width=\"1024\" height=\"576\" src=\"https:\/\/nelvaresort.com\/wp-content\/uploads\/2023\/09\/menorca-nelva-resort-2-1024x576-1.jpg\" class=\"attachment-large size-large wp-image-3341\" alt=\"\" srcset=\"https:\/\/nelvaresort.com\/wp-content\/uploads\/2023\/09\/menorca-nelva-resort-2-1024x576-1.jpg.webp 1024w, https:\/\/nelvaresort.com\/wp-content\/uploads\/2023\/09\/menorca-nelva-resort-2-1024x576-1-300x169.jpg.webp 300w, https:\/\/nelvaresort.com\/wp-content\/uploads\/2023\/09\/menorca-nelva-resort-2-1024x576-1-768x432.jpg.webp 768w, https:\/\/nelvaresort.com\/wp-content\/uploads\/2023\/09\/menorca-nelva-resort-2-1024x576-1-18x10.jpg.webp 18w, https:\/\/nelvaresort.com\/wp-content\/uploads\/2023\/09\/menorca-nelva-resort-2-1024x576-1-600x338.jpg.webp 600w\" sizes=\"auto, (max-width: 1024px) 100vw, 1024px\" \/>\t\t\t\t\t\t\t\t\t\t\t\t\t\t\t<\/div>\n\t\t\t\t<div class=\"elementor-element elementor-element-1db8a7d elementor-widget elementor-widget-image\" data-id=\"1db8a7d\" data-element_type=\"widget\" data-e-type=\"widget\" data-widget_type=\"image.default\">\n\t\t\t\t\t\t\t\t\t\t\t\t\t\t\t<img loading=\"lazy\" decoding=\"async\" width=\"1024\" height=\"683\" src=\"https:\/\/nelvaresort.com\/wp-content\/uploads\/2023\/09\/faro-favaritx.webp\" class=\"attachment-large size-large wp-image-3340\" alt=\"\" srcset=\"https:\/\/nelvaresort.com\/wp-content\/uploads\/2023\/09\/faro-favaritx.webp 1024w, https:\/\/nelvaresort.com\/wp-content\/uploads\/2023\/09\/faro-favaritx-300x200.webp 300w, https:\/\/nelvaresort.com\/wp-content\/uploads\/2023\/09\/faro-favaritx-768x512.webp 768w, https:\/\/nelvaresort.com\/wp-content\/uploads\/2023\/09\/faro-favaritx-18x12.webp 18w, https:\/\/nelvaresort.com\/wp-content\/uploads\/2023\/09\/faro-favaritx-600x400.webp 600w\" sizes=\"auto, (max-width: 1024px) 100vw, 1024px\" \/>\t\t\t\t\t\t\t\t\t\t\t\t\t\t\t<\/div>\n\t\t\t\t<div class=\"elementor-element elementor-element-e195439 elementor-widget elementor-widget-heading\" data-id=\"e195439\" data-element_type=\"widget\" data-e-type=\"widget\" data-widget_type=\"heading.default\">\n\t\t\t\t\t<p class=\"elementor-heading-title elementor-size-default\">Phare de Favaritx<\/p>\t\t\t\t<\/div>\n\t\t\t\t\t<\/div>\n\t\t<\/div>\n\t\t\t\t\t<\/div>\n\t\t<\/section>\n\t\t\t\t<section class=\"elementor-section elementor-top-section elementor-element elementor-element-3445380 elementor-section-boxed elementor-section-height-default elementor-section-height-default\" data-id=\"3445380\" data-element_type=\"section\" data-e-type=\"section\">\n\t\t\t\t\t\t<div class=\"elementor-container elementor-column-gap-default\">\n\t\t\t\t\t<div class=\"elementor-column elementor-col-100 elementor-top-column elementor-element elementor-element-7ae3779\" data-id=\"7ae3779\" data-element_type=\"column\" data-e-type=\"column\">\n\t\t\t<div class=\"elementor-widget-wrap elementor-element-populated\">\n\t\t\t\t\t\t<div class=\"elementor-element elementor-element-6f2e6e4 elementor-widget elementor-widget-heading\" data-id=\"6f2e6e4\" data-element_type=\"widget\" data-e-type=\"widget\" data-widget_type=\"heading.default\">\n\t\t\t\t\t<h2 class=\"elementor-heading-title elementor-size-default\">Cala'n Porter<\/h2>\t\t\t\t<\/div>\n\t\t\t\t<div class=\"elementor-element elementor-element-d471842 elementor-widget elementor-widget-text-editor\" data-id=\"d471842\" data-element_type=\"widget\" data-e-type=\"widget\" data-widget_type=\"text-editor.default\">\n\t\t\t\t\t\t\t\t\t<div class=\"wp-block-column is-vertically-aligned-bottom is-layout-flow\"><p>Il est situ\u00e9 dans le centre de l'\u00eele de Minorque, \u00e0 seulement 10 minutes de l'a\u00e9roport. L'urbanisation de Cala'n Porter dispose de tous les services n\u00e9cessaires pour passer des vacances inoubliables. Elle dispose d'une multitude de bars et de restaurants de toutes sortes, de supermarch\u00e9s, de magasins, d'aires de jeux pour enfants et de zones de promenade.<\/p><p>Elle poss\u00e8de une vie nocturne remarquable, avec de nombreux bars et restaurants, et abrite \u00e9galement la spectaculaire discoth\u00e8que \u00ab Cova d&#039;en Xoroi \u00bb, l&#039;un des endroits les plus visit\u00e9s de l&#039;\u00eele.<\/p><p>\u00c0 tout cela, il faut ajouter l\u2019une des plages les plus spectaculaires de l\u2019\u00eele. Son emplacement entre de grandes falaises, son eau bleue et son sable blanc font de la plage de Cala&#039;n Porter l&#039;une des criques les plus fascinantes de Minorque. De par son emplacement, c&#039;est l&#039;une des criques les plus propres et les plus calmes de Minorque. Il a \u00e0 peine une pente et s&#039;y baigner, c&#039;est comme se d\u00e9tendre dans une grande piscine.<\/p><\/div><div class=\"wp-block-column is-vertically-aligned-top is-layout-flow\">\u00a0<\/div>\t\t\t\t\t\t\t\t<\/div>\n\t\t\t\t<section class=\"elementor-section elementor-inner-section elementor-element elementor-element-c874776 elementor-section-boxed elementor-section-height-default elementor-section-height-default\" data-id=\"c874776\" data-element_type=\"section\" data-e-type=\"section\">\n\t\t\t\t\t\t<div class=\"elementor-container elementor-column-gap-default\">\n\t\t\t\t\t<div class=\"elementor-column elementor-col-50 elementor-inner-column elementor-element elementor-element-2611058\" data-id=\"2611058\" data-element_type=\"column\" data-e-type=\"column\">\n\t\t\t<div class=\"elementor-widget-wrap elementor-element-populated\">\n\t\t\t\t\t\t<div class=\"elementor-element elementor-element-f6e0f4a elementor-widget elementor-widget-image\" data-id=\"f6e0f4a\" data-element_type=\"widget\" data-e-type=\"widget\" data-widget_type=\"image.default\">\n\t\t\t\t\t\t\t\t\t\t\t\t\t\t\t<img loading=\"lazy\" decoding=\"async\" width=\"1020\" height=\"765\" src=\"https:\/\/nelvaresort.com\/wp-content\/uploads\/2023\/09\/nelva-resort-calan-porter-menorca.jpg\" class=\"attachment-large size-large wp-image-3334\" alt=\"Cala Porter \u00e0 Minorque\" srcset=\"https:\/\/nelvaresort.com\/wp-content\/uploads\/2023\/09\/nelva-resort-calan-porter-menorca.jpg.webp 1020w, https:\/\/nelvaresort.com\/wp-content\/uploads\/2023\/09\/nelva-resort-calan-porter-menorca-300x225.jpg.webp 300w, https:\/\/nelvaresort.com\/wp-content\/uploads\/2023\/09\/nelva-resort-calan-porter-menorca-768x576.jpg.webp 768w, https:\/\/nelvaresort.com\/wp-content\/uploads\/2023\/09\/nelva-resort-calan-porter-menorca-16x12.jpg.webp 16w, https:\/\/nelvaresort.com\/wp-content\/uploads\/2023\/09\/nelva-resort-calan-porter-menorca-600x450.jpg.webp 600w\" sizes=\"auto, (max-width: 1020px) 100vw, 1020px\" \/>\t\t\t\t\t\t\t\t\t\t\t\t\t\t\t<\/div>\n\t\t\t\t\t<\/div>\n\t\t<\/div>\n\t\t\t\t<div class=\"elementor-column elementor-col-50 elementor-inner-column elementor-element elementor-element-41ccd6e\" data-id=\"41ccd6e\" data-element_type=\"column\" data-e-type=\"column\">\n\t\t\t<div class=\"elementor-widget-wrap elementor-element-populated\">\n\t\t\t\t\t\t<div class=\"elementor-element elementor-element-e7199d5 elementor-widget elementor-widget-image\" data-id=\"e7199d5\" data-element_type=\"widget\" data-e-type=\"widget\" data-widget_type=\"image.default\">\n\t\t\t\t\t\t\t\t\t\t\t\t\t\t\t<img loading=\"lazy\" decoding=\"async\" width=\"1024\" height=\"575\" src=\"https:\/\/nelvaresort.com\/wp-content\/uploads\/2023\/09\/1482-131283-e1664789412397-1024x575-1.jpg\" class=\"attachment-large size-large wp-image-3337\" alt=\"\" srcset=\"https:\/\/nelvaresort.com\/wp-content\/uploads\/2023\/09\/1482-131283-e1664789412397-1024x575-1.jpg.webp 1024w, https:\/\/nelvaresort.com\/wp-content\/uploads\/2023\/09\/1482-131283-e1664789412397-1024x575-1-300x168.jpg.webp 300w, https:\/\/nelvaresort.com\/wp-content\/uploads\/2023\/09\/1482-131283-e1664789412397-1024x575-1-768x431.jpg.webp 768w, https:\/\/nelvaresort.com\/wp-content\/uploads\/2023\/09\/1482-131283-e1664789412397-1024x575-1-18x10.jpg.webp 18w, https:\/\/nelvaresort.com\/wp-content\/uploads\/2023\/09\/1482-131283-e1664789412397-1024x575-1-600x337.jpg.webp 600w\" sizes=\"auto, (max-width: 1024px) 100vw, 1024px\" \/>\t\t\t\t\t\t\t\t\t\t\t\t\t\t\t<\/div>\n\t\t\t\t\t<\/div>\n\t\t<\/div>\n\t\t\t\t\t<\/div>\n\t\t<\/section>\n\t\t\t\t\t<\/div>\n\t\t<\/div>\n\t\t\t\t\t<\/div>\n\t\t<\/section>\n\t\t\t\t<section class=\"elementor-section elementor-top-section elementor-element elementor-element-4335c95 elementor-section-height-min-height elementor-section-boxed elementor-section-height-default elementor-section-items-middle\" data-id=\"4335c95\" data-element_type=\"section\" data-e-type=\"section\" data-settings=\"{&quot;background_background&quot;:&quot;classic&quot;}\">\n\t\t\t\t\t\t\t<div class=\"elementor-background-overlay\"><\/div>\n\t\t\t\t\t\t\t<div class=\"elementor-container elementor-column-gap-no\">\n\t\t\t\t\t<div class=\"elementor-column elementor-col-100 elementor-top-column elementor-element elementor-element-f83f174\" data-id=\"f83f174\" data-element_type=\"column\" data-e-type=\"column\">\n\t\t\t<div class=\"elementor-widget-wrap elementor-element-populated\">\n\t\t\t\t\t\t<div class=\"elementor-element elementor-element-db919cc elementor-widget elementor-widget-heading\" data-id=\"db919cc\" data-element_type=\"widget\" data-e-type=\"widget\" data-widget_type=\"heading.default\">\n\t\t\t\t\t<h2 class=\"elementor-heading-title elementor-size-default\">Vivez une exp\u00e9rience inoubliable \u00e0 Minorque<\/h2>\t\t\t\t<\/div>\n\t\t\t\t<div class=\"elementor-element elementor-element-938eaf6 elementor-widget elementor-widget-text-editor\" data-id=\"938eaf6\" data-element_type=\"widget\" data-e-type=\"widget\" data-widget_type=\"text-editor.default\">\n\t\t\t\t\t\t\t\t\t<p>D\u00e9couvrez l'une des \u00eeles les plus charmantes de la M\u00e9diterran\u00e9e avec Nelva Resorts.<\/p>\t\t\t\t\t\t\t\t<\/div>\n\t\t\t\t<section class=\"elementor-section elementor-inner-section elementor-element elementor-element-0ecf0a8 elementor-section-boxed elementor-section-height-default elementor-section-height-default\" data-id=\"0ecf0a8\" data-element_type=\"section\" data-e-type=\"section\">\n\t\t\t\t\t\t<div class=\"elementor-container elementor-column-gap-default\">\n\t\t\t\t\t<div class=\"elementor-column elementor-col-100 elementor-inner-column elementor-element elementor-element-451971b\" data-id=\"451971b\" data-element_type=\"column\" data-e-type=\"column\">\n\t\t\t<div class=\"elementor-widget-wrap elementor-element-populated\">\n\t\t\t\t\t\t<div class=\"elementor-element elementor-element-20b3c6d elementor-widget elementor-widget-shortcode\" data-id=\"20b3c6d\" data-element_type=\"widget\" data-e-type=\"widget\" data-widget_type=\"shortcode.default\">\n\t\t\t\t\t\t\t<div class=\"elementor-shortcode\">\n\t\t\t<form id=\"sib_signup_form_5\" method=\"post\" class=\"sib_signup_form\" action=\"\">\n\t\t\t\t<div class=\"sib_loader\" style=\"display:none;\"><img\n\t\t\t\t\t\t\tsrc=\"https:\/\/nelvaresort.com\/wp-includes\/images\/spinner.gif\" alt=\"chargeur\"><\/div>\n\t\t\t\t<input type=\"hidden\" name=\"sib_form_action\" value=\"subscribe_form_submit\">\n\t\t\t\t<input type=\"hidden\" name=\"sib_form_id\" value=\"5\">\n                <input type=\"hidden\" name=\"sib_form_alert_notice\" value=\"Por favor rellene este campo\">\n                <input type=\"hidden\" name=\"sib_form_invalid_email_notice\" value=\"Tu direcci\u00f3n de correo electr\u00f3nico no es v\u00e1lida\">\n                <input type=\"hidden\" name=\"sib_security\" value=\"652a121022\">\n\t\t\t\t<div class=\"sib_signup_box_inside_5\">\n\t\t\t\t\t<div style=\"\/*display:none*\/\" class=\"sib_msg_disp\">\n\t\t\t\t\t<\/div>\n                    \t\t\t\t\t<div style=\"width:100% !important\">\r\n\r\n    <p style=\"display:inline-block\"> \r\n    <label class=\"sib-email-area\"><\/label> \r\n    \r\n    <input placeholder=\"Nom\" type=\"text\" class=\"sib-FIRSTNAME-area\" name=\"NAME\">\r\n<input type=\"email\" class=\"sib-email-area\" name=\"email\" placeholder=\"Adresse \u00e9lectronique\" value=\"\" required=\"required\"> \r\n<\/p>\r\n<p>\r\n<p> \r\n    <label class=\"sib-IDIOMA-area\"><\/label> \r\n    <input id=\"idioma-input\" type=\"text\" class=\"sib-IDIOMA-area\" name=\"IDIOMA\" value=\"es\" required=\"required\"> \r\n<\/p>\r\n<input type=\"checkbox\" name=\"terms\" required=\"required\"> <span style=\"color: #ffffff\">J'accepte le<a href=\"https:\/\/nelvaresort.com\/fr\/politica-de-privacidad\/\"> conditions g\u00e9n\u00e9rales<\/a>\r\n<\/p><p>\r\n\r\n  <input type=\"submit\" class=\"sib-default-btn\" value=\"S&#039;abonner \u00e0\">\r\n<\/p>\r\n<\/div>\t\t\t\t<\/div>\n\t\t\t<input type=\"hidden\" name=\"trp-form-language\" value=\"fr\"\/><\/form>\n\t\t\t<style>\n\t\t\t\tform#sib_signup_form_5 p.sib-alert-message {\n    padding: 6px 12px;\n    margin-bottom: 20px;\n    border: 1px solid transparent;\n    border-radius: 4px;\n    -webkit-box-sizing: border-box;\n    -moz-box-sizing: border-box;\n    box-sizing: border-box;\n}\nform#sib_signup_form_5 p.sib-alert-message-error {\n    background-color: #f2dede;\n    border-color: #ebccd1;\n    color: #a94442;\n}\nform#sib_signup_form_5 p.sib-alert-message-success {\n    background-color: #dff0d8;\n    border-color: #d6e9c6;\n    color: #3c763d;\n}\nform#sib_signup_form_5 p.sib-alert-message-warning {\n    background-color: #fcf8e3;\n    border-color: #faebcc;\n    color: #8a6d3b;\n}\n\t\t\t<\/style>\n\t\t\t<\/div>\n\t\t\t\t\t\t<\/div>\n\t\t\t\t\t<\/div>\n\t\t<\/div>\n\t\t\t\t\t<\/div>\n\t\t<\/section>\n\t\t\t\t\t<\/div>\n\t\t<\/div>\n\t\t\t\t\t<\/div>\n\t\t<\/section>\n\t\t\t\t<\/div>","protected":false},"excerpt":{"rendered":"<p>Qu\u00e9 ver en Menorca Un entorno privilegiado, descubre la oferta de uno de los paraisos del mediterraneo Oferta web a partir 5% todos los apartamentos Menorca, un entorno privilegiado Menorca es uno de los para\u00edsos del Mediterr\u00e1neo occidental, una perla ba\u00f1ada por un mar apacible y protegida por un clima amable. Una banda crom\u00e1tica infinita [&hellip;]<\/p>\n","protected":false},"author":1,"featured_media":0,"parent":0,"menu_order":0,"comment_status":"closed","ping_status":"closed","template":"","meta":{"site-sidebar-layout":"no-sidebar","site-content-layout":"page-builder","ast-site-content-layout":"full-width-container","site-content-style":"unboxed","site-sidebar-style":"unboxed","ast-global-header-display":"","ast-banner-title-visibility":"","ast-main-header-display":"","ast-hfb-above-header-display":"","ast-hfb-below-header-display":"","ast-hfb-mobile-header-display":"","site-post-title":"disabled","ast-breadcrumbs-content":"","ast-featured-img":"disabled","footer-sml-layout":"","theme-transparent-header-meta":"enabled","adv-header-id-meta":"","stick-header-meta":"","header-above-stick-meta":"","header-main-stick-meta":"","header-below-stick-meta":"","astra-migrate-meta-layouts":"set","ast-page-background-enabled":"default","ast-page-background-meta":{"desktop":{"background-color":"","background-image":"","background-repeat":"repeat","background-position":"center center","background-size":"auto","background-attachment":"scroll","background-type":"","background-media":"","overlay-type":"","overlay-color":"","overlay-opacity":"","overlay-gradient":""},"tablet":{"background-color":"","background-image":"","background-repeat":"repeat","background-position":"center center","background-size":"auto","background-attachment":"scroll","background-type":"","background-media":"","overlay-type":"","overlay-color":"","overlay-opacity":"","overlay-gradient":""},"mobile":{"background-color":"","background-image":"","background-repeat":"repeat","background-position":"center center","background-size":"auto","background-attachment":"scroll","background-type":"","background-media":"","overlay-type":"","overlay-color":"","overlay-opacity":"","overlay-gradient":""}},"ast-content-background-meta":{"desktop":{"background-color":"var(--ast-global-color-5)","background-image":"","background-repeat":"repeat","background-position":"center center","background-size":"auto","background-attachment":"scroll","background-type":"","background-media":"","overlay-type":"","overlay-color":"","overlay-opacity":"","overlay-gradient":""},"tablet":{"background-color":"var(--ast-global-color-5)","background-image":"","background-repeat":"repeat","background-position":"center center","background-size":"auto","background-attachment":"scroll","background-type":"","background-media":"","overlay-type":"","overlay-color":"","overlay-opacity":"","overlay-gradient":""},"mobile":{"background-color":"var(--ast-global-color-5)","background-image":"","background-repeat":"repeat","background-position":"center center","background-size":"auto","background-attachment":"scroll","background-type":"","background-media":"","overlay-type":"","overlay-color":"","overlay-opacity":"","overlay-gradient":""}},"footnotes":""},"class_list":["post-2889","page","type-page","status-publish","hentry"],"yoast_head":"<!-- This site is optimized with the Yoast SEO plugin v26.6 - https:\/\/yoast.com\/wordpress\/plugins\/seo\/ -->\n<title>Qu\u00e9 ver en Menorca: lugares imprescindibles de la isla<\/title>\n<meta name=\"description\" content=\"Descubre qu\u00e9 ver en Menorca: calas, faros, pueblos con encanto y rutas imprescindibles para disfrutar la isla durante tu estancia en Nelva Resort.\" \/>\n<meta name=\"robots\" content=\"index, follow, max-snippet:-1, max-image-preview:large, max-video-preview:-1\" \/>\n<link rel=\"canonical\" href=\"https:\/\/nelvaresort.com\/fr\/que-ver-en-menorca\/\" \/>\n<meta property=\"og:locale\" content=\"fr_FR\" \/>\n<meta property=\"og:type\" content=\"article\" \/>\n<meta property=\"og:title\" content=\"Qu\u00e9 ver en Menorca: lugares imprescindibles de la isla\" \/>\n<meta property=\"og:description\" content=\"Descubre qu\u00e9 ver en Menorca: calas, faros, pueblos con encanto y rutas imprescindibles para disfrutar la isla durante tu estancia en Nelva Resort.\" \/>\n<meta property=\"og:url\" content=\"https:\/\/nelvaresort.com\/fr\/que-ver-en-menorca\/\" \/>\n<meta property=\"og:site_name\" content=\"Nelva Resort | Apartamentos en Menorca | Web Oficial\" \/>\n<meta property=\"article:publisher\" content=\"https:\/\/www.facebook.com\/NelvaResortMenorca\" \/>\n<meta property=\"article:modified_time\" content=\"2025-12-04T15:32:45+00:00\" \/>\n<meta property=\"og:image\" content=\"https:\/\/nelvaresort.com\/wp-content\/uploads\/2023\/09\/cala-macarelleta-menorca-1024x683-1.jpg\" \/>\n<meta name=\"twitter:card\" content=\"summary_large_image\" \/>\n<meta name=\"twitter:label1\" content=\"Dur\u00e9e de lecture estim\u00e9e\" \/>\n\t<meta name=\"twitter:data1\" content=\"4 minutes\" \/>\n<script type=\"application\/ld+json\" class=\"yoast-schema-graph\">{\"@context\":\"https:\/\/schema.org\",\"@graph\":[{\"@type\":\"WebPage\",\"@id\":\"https:\/\/nelvaresort.com\/que-ver-en-menorca\/\",\"url\":\"https:\/\/nelvaresort.com\/que-ver-en-menorca\/\",\"name\":\"Qu\u00e9 ver en Menorca: lugares imprescindibles de la isla\",\"isPartOf\":{\"@id\":\"https:\/\/nelvaresort.com\/#website\"},\"primaryImageOfPage\":{\"@id\":\"https:\/\/nelvaresort.com\/que-ver-en-menorca\/#primaryimage\"},\"image\":{\"@id\":\"https:\/\/nelvaresort.com\/que-ver-en-menorca\/#primaryimage\"},\"thumbnailUrl\":\"https:\/\/nelvaresort.com\/wp-content\/uploads\/2023\/09\/cala-macarelleta-menorca-1024x683-1.jpg\",\"datePublished\":\"2023-06-09T07:49:09+00:00\",\"dateModified\":\"2025-12-04T15:32:45+00:00\",\"description\":\"Descubre qu\u00e9 ver en Menorca: calas, faros, pueblos con encanto y rutas imprescindibles para disfrutar la isla durante tu estancia en Nelva Resort.\",\"breadcrumb\":{\"@id\":\"https:\/\/nelvaresort.com\/que-ver-en-menorca\/#breadcrumb\"},\"inLanguage\":\"fr-FR\",\"potentialAction\":[{\"@type\":\"ReadAction\",\"target\":[\"https:\/\/nelvaresort.com\/que-ver-en-menorca\/\"]}]},{\"@type\":\"ImageObject\",\"inLanguage\":\"fr-FR\",\"@id\":\"https:\/\/nelvaresort.com\/que-ver-en-menorca\/#primaryimage\",\"url\":\"https:\/\/nelvaresort.com\/wp-content\/uploads\/2023\/09\/cala-macarelleta-menorca-1024x683-1.jpg\",\"contentUrl\":\"https:\/\/nelvaresort.com\/wp-content\/uploads\/2023\/09\/cala-macarelleta-menorca-1024x683-1.jpg\"},{\"@type\":\"BreadcrumbList\",\"@id\":\"https:\/\/nelvaresort.com\/que-ver-en-menorca\/#breadcrumb\",\"itemListElement\":[{\"@type\":\"ListItem\",\"position\":1,\"name\":\"Portada\",\"item\":\"https:\/\/nelvaresort.com\/\"},{\"@type\":\"ListItem\",\"position\":2,\"name\":\"Entorno\"}]},{\"@type\":\"WebSite\",\"@id\":\"https:\/\/nelvaresort.com\/#website\",\"url\":\"https:\/\/nelvaresort.com\/\",\"name\":\"Aparthotel en Menorca | Nelva Resort\",\"description\":\"Apartamentos en Menorca al mejor precio. Aparthotel ubicado en la playa de Cala\u2019n Porter de Menorca. Reserva aqu\u00ed.\",\"publisher\":{\"@id\":\"https:\/\/nelvaresort.com\/#organization\"},\"potentialAction\":[{\"@type\":\"SearchAction\",\"target\":{\"@type\":\"EntryPoint\",\"urlTemplate\":\"https:\/\/nelvaresort.com\/?s={search_term_string}\"},\"query-input\":{\"@type\":\"PropertyValueSpecification\",\"valueRequired\":true,\"valueName\":\"search_term_string\"}}],\"inLanguage\":\"fr-FR\"},{\"@type\":\"Organization\",\"@id\":\"https:\/\/nelvaresort.com\/#organization\",\"name\":\"Aparthotel en Menorca | Nelva Resort\",\"url\":\"https:\/\/nelvaresort.com\/\",\"logo\":{\"@type\":\"ImageObject\",\"inLanguage\":\"fr-FR\",\"@id\":\"https:\/\/nelvaresort.com\/#\/schema\/logo\/image\/\",\"url\":\"https:\/\/nelvaresort.com\/wp-content\/uploads\/2023\/06\/nelva-resort-logo.png\",\"contentUrl\":\"https:\/\/nelvaresort.com\/wp-content\/uploads\/2023\/06\/nelva-resort-logo.png\",\"width\":709,\"height\":709,\"caption\":\"Aparthotel en Menorca | Nelva Resort\"},\"image\":{\"@id\":\"https:\/\/nelvaresort.com\/#\/schema\/logo\/image\/\"},\"sameAs\":[\"https:\/\/www.facebook.com\/NelvaResortMenorca\",\"https:\/\/www.instagram.com\/nelvaresortmenorca\/\"]}]}<\/script>\n<!-- \/ Yoast SEO plugin. -->","yoast_head_json":{"title":"Que voir \u00e0 Minorque\u00a0: les incontournables de l\u2019\u00eele","description":"D\u00e9couvrez les incontournables de Minorque\u00a0: criques, phares, villages de charme et itin\u00e9raires essentiels pour profiter pleinement de l\u2019\u00eele lors de votre s\u00e9jour au Nelva Resort.","robots":{"index":"index","follow":"follow","max-snippet":"max-snippet:-1","max-image-preview":"max-image-preview:large","max-video-preview":"max-video-preview:-1"},"canonical":"https:\/\/nelvaresort.com\/fr\/que-ver-en-menorca\/","og_locale":"fr_FR","og_type":"article","og_title":"Qu\u00e9 ver en Menorca: lugares imprescindibles de la isla","og_description":"Descubre qu\u00e9 ver en Menorca: calas, faros, pueblos con encanto y rutas imprescindibles para disfrutar la isla durante tu estancia en Nelva Resort.","og_url":"https:\/\/nelvaresort.com\/fr\/que-ver-en-menorca\/","og_site_name":"Nelva Resort | Apartamentos en Menorca | Web Oficial","article_publisher":"https:\/\/www.facebook.com\/NelvaResortMenorca","article_modified_time":"2025-12-04T15:32:45+00:00","og_image":[{"url":"https:\/\/nelvaresort.com\/wp-content\/uploads\/2023\/09\/cala-macarelleta-menorca-1024x683-1.jpg","type":"","width":"","height":""}],"twitter_card":"summary_large_image","twitter_misc":{"Dur\u00e9e de lecture estim\u00e9e":"4 minutes"},"schema":{"@context":"https:\/\/schema.org","@graph":[{"@type":"WebPage","@id":"https:\/\/nelvaresort.com\/que-ver-en-menorca\/","url":"https:\/\/nelvaresort.com\/que-ver-en-menorca\/","name":"Que voir \u00e0 Minorque\u00a0: les incontournables de l\u2019\u00eele","isPartOf":{"@id":"https:\/\/nelvaresort.com\/#website"},"primaryImageOfPage":{"@id":"https:\/\/nelvaresort.com\/que-ver-en-menorca\/#primaryimage"},"image":{"@id":"https:\/\/nelvaresort.com\/que-ver-en-menorca\/#primaryimage"},"thumbnailUrl":"https:\/\/nelvaresort.com\/wp-content\/uploads\/2023\/09\/cala-macarelleta-menorca-1024x683-1.jpg","datePublished":"2023-06-09T07:49:09+00:00","dateModified":"2025-12-04T15:32:45+00:00","description":"D\u00e9couvrez les incontournables de Minorque\u00a0: criques, phares, villages de charme et itin\u00e9raires essentiels pour profiter pleinement de l\u2019\u00eele lors de votre s\u00e9jour au Nelva Resort.","breadcrumb":{"@id":"https:\/\/nelvaresort.com\/que-ver-en-menorca\/#breadcrumb"},"inLanguage":"fr-FR","potentialAction":[{"@type":"ReadAction","target":["https:\/\/nelvaresort.com\/que-ver-en-menorca\/"]}]},{"@type":"ImageObject","inLanguage":"fr-FR","@id":"https:\/\/nelvaresort.com\/que-ver-en-menorca\/#primaryimage","url":"https:\/\/nelvaresort.com\/wp-content\/uploads\/2023\/09\/cala-macarelleta-menorca-1024x683-1.jpg","contentUrl":"https:\/\/nelvaresort.com\/wp-content\/uploads\/2023\/09\/cala-macarelleta-menorca-1024x683-1.jpg"},{"@type":"BreadcrumbList","@id":"https:\/\/nelvaresort.com\/que-ver-en-menorca\/#breadcrumb","itemListElement":[{"@type":"ListItem","position":1,"name":"Portada","item":"https:\/\/nelvaresort.com\/"},{"@type":"ListItem","position":2,"name":"Entorno"}]},{"@type":"WebSite","@id":"https:\/\/nelvaresort.com\/#website","url":"https:\/\/nelvaresort.com\/","name":"Appart-h\u00f4tel \u00e0 Minorque | H\u00f4tel Nelva","description":"Appartements \u00e0 Minorque au meilleur prix. Appart&#039;h\u00f4tel situ\u00e9 sur la plage de Cala&#039;n Porter \u00e0 Minorque. R\u00e9servez ici.","publisher":{"@id":"https:\/\/nelvaresort.com\/#organization"},"potentialAction":[{"@type":"SearchAction","target":{"@type":"EntryPoint","urlTemplate":"https:\/\/nelvaresort.com\/?s={search_term_string}"},"query-input":{"@type":"PropertyValueSpecification","valueRequired":true,"valueName":"search_term_string"}}],"inLanguage":"fr-FR"},{"@type":"Organization","@id":"https:\/\/nelvaresort.com\/#organization","name":"Appart-h\u00f4tel \u00e0 Minorque | H\u00f4tel Nelva","url":"https:\/\/nelvaresort.com\/","logo":{"@type":"ImageObject","inLanguage":"fr-FR","@id":"https:\/\/nelvaresort.com\/#\/schema\/logo\/image\/","url":"https:\/\/nelvaresort.com\/wp-content\/uploads\/2023\/06\/nelva-resort-logo.png","contentUrl":"https:\/\/nelvaresort.com\/wp-content\/uploads\/2023\/06\/nelva-resort-logo.png","width":709,"height":709,"caption":"Aparthotel en Menorca | Nelva Resort"},"image":{"@id":"https:\/\/nelvaresort.com\/#\/schema\/logo\/image\/"},"sameAs":["https:\/\/www.facebook.com\/NelvaResortMenorca","https:\/\/www.instagram.com\/nelvaresortmenorca\/"]}]}},"_links":{"self":[{"href":"https:\/\/nelvaresort.com\/fr\/wp-json\/wp\/v2\/pages\/2889","targetHints":{"allow":["GET"]}}],"collection":[{"href":"https:\/\/nelvaresort.com\/fr\/wp-json\/wp\/v2\/pages"}],"about":[{"href":"https:\/\/nelvaresort.com\/fr\/wp-json\/wp\/v2\/types\/page"}],"author":[{"embeddable":true,"href":"https:\/\/nelvaresort.com\/fr\/wp-json\/wp\/v2\/users\/1"}],"replies":[{"embeddable":true,"href":"https:\/\/nelvaresort.com\/fr\/wp-json\/wp\/v2\/comments?post=2889"}],"version-history":[{"count":16,"href":"https:\/\/nelvaresort.com\/fr\/wp-json\/wp\/v2\/pages\/2889\/revisions"}],"predecessor-version":[{"id":4392,"href":"https:\/\/nelvaresort.com\/fr\/wp-json\/wp\/v2\/pages\/2889\/revisions\/4392"}],"wp:attachment":[{"href":"https:\/\/nelvaresort.com\/fr\/wp-json\/wp\/v2\/media?parent=2889"}],"curies":[{"name":"wp","href":"https:\/\/api.w.org\/{rel}","templated":true}]}}