{"id":2889,"date":"2023-06-09T07:49:09","date_gmt":"2023-06-09T07:49:09","guid":{"rendered":"https:\/\/nelvaresort.com\/?page_id=2889"},"modified":"2025-12-04T15:32:45","modified_gmt":"2025-12-04T15:32:45","slug":"que-ver-en-menorca","status":"publish","type":"page","link":"https:\/\/nelvaresort.com\/ca\/que-ver-en-menorca\/","title":{"rendered":"Entorn"},"content":{"rendered":"<div data-elementor-type=\"wp-page\" data-elementor-id=\"2889\" class=\"elementor elementor-2889\" data-elementor-post-type=\"page\">\n\t\t\t\t\t\t<section class=\"elementor-section elementor-top-section elementor-element elementor-element-2926e4da elementor-section-full_width elementor-section-height-min-height hero-lcp-wrapper elementor-section-height-default elementor-section-items-middle\" data-id=\"2926e4da\" data-element_type=\"section\" data-e-type=\"section\">\n\t\t\t\t\t\t<div class=\"elementor-container elementor-column-gap-no\">\n\t\t\t\t\t<div class=\"elementor-column elementor-col-100 elementor-top-column elementor-element elementor-element-4f1a7d40\" data-id=\"4f1a7d40\" data-element_type=\"column\" data-e-type=\"column\">\n\t\t\t<div class=\"elementor-widget-wrap elementor-element-populated\">\n\t\t\t\t\t\t<div class=\"elementor-element elementor-element-75773a0b elementor-absolute elementor-widget-mobile__width-auto elementor-widget elementor-widget-heading\" data-id=\"75773a0b\" data-element_type=\"widget\" data-e-type=\"widget\" data-settings=\"{&quot;_position&quot;:&quot;absolute&quot;}\" data-widget_type=\"heading.default\">\n\t\t\t\t\t<h1 class=\"elementor-heading-title elementor-size-default\">Qu\u00e8 veure a Menorca<\/h1>\t\t\t\t<\/div>\n\t\t\t\t<div class=\"elementor-element elementor-element-1ba5753 elementor-absolute elementor-widget-mobile__width-auto elementor-widget elementor-widget-text-editor\" data-id=\"1ba5753\" data-element_type=\"widget\" data-e-type=\"widget\" data-settings=\"{&quot;_position&quot;:&quot;absolute&quot;}\" data-widget_type=\"text-editor.default\">\n\t\t\t\t\t\t\t\t\t<p><strong>Un entorn privilegiat descobreix l\u00b4oferta d\u00b4un dels paradisos del mediterrani<\/strong><\/p>\t\t\t\t\t\t\t\t<\/div>\n\t\t\t\t<div class=\"elementor-element elementor-element-19214cf8 hero-lcp elementor-widget elementor-widget-image\" data-id=\"19214cf8\" data-element_type=\"widget\" data-e-type=\"widget\" decoding=\"async\" data-no-lazy=\"1\" fetchpriority=\"high\" loading=\"eager\" data-widget_type=\"image.default\">\n\t\t\t\t\t\t\t\t\t\t\t\t\t\t\t<img loading=\"lazy\" decoding=\"async\" width=\"1024\" height=\"683\" src=\"https:\/\/nelvaresort.com\/wp-content\/uploads\/2023\/09\/cala-macarelleta-menorca-1024x683-1.jpg\" class=\"attachment-full size-full wp-image-3338\" alt=\"menorca\" srcset=\"https:\/\/nelvaresort.com\/wp-content\/uploads\/2023\/09\/cala-macarelleta-menorca-1024x683-1.jpg.webp 1024w, https:\/\/nelvaresort.com\/wp-content\/uploads\/2023\/09\/cala-macarelleta-menorca-1024x683-1-300x200.jpg.webp 300w, https:\/\/nelvaresort.com\/wp-content\/uploads\/2023\/09\/cala-macarelleta-menorca-1024x683-1-768x512.jpg.webp 768w, https:\/\/nelvaresort.com\/wp-content\/uploads\/2023\/09\/cala-macarelleta-menorca-1024x683-1-18x12.jpg.webp 18w, https:\/\/nelvaresort.com\/wp-content\/uploads\/2023\/09\/cala-macarelleta-menorca-1024x683-1-600x400.jpg.webp 600w\" sizes=\"auto, (max-width: 1024px) 100vw, 1024px\" \/>\t\t\t\t\t\t\t\t\t\t\t\t\t\t\t<\/div>\n\t\t\t\t\t<\/div>\n\t\t<\/div>\n\t\t\t\t\t<\/div>\n\t\t<\/section>\n\t\t\t\t<section class=\"elementor-section elementor-top-section elementor-element elementor-element-278046b9 elementor-section-boxed elementor-section-height-default elementor-section-height-default\" data-id=\"278046b9\" data-element_type=\"section\" data-e-type=\"section\" data-settings=\"{&quot;background_background&quot;:&quot;classic&quot;}\">\n\t\t\t\t\t\t\t<div class=\"elementor-background-overlay\"><\/div>\n\t\t\t\t\t\t\t<div class=\"elementor-container elementor-column-gap-default\">\n\t\t\t\t\t<div class=\"elementor-column elementor-col-100 elementor-top-column elementor-element elementor-element-1f44b803\" data-id=\"1f44b803\" data-element_type=\"column\" data-e-type=\"column\">\n\t\t\t<div class=\"elementor-widget-wrap elementor-element-populated\">\n\t\t\t\t\t\t<div class=\"elementor-element elementor-element-5395b670 elementor-widget elementor-widget-heading\" data-id=\"5395b670\" data-element_type=\"widget\" data-e-type=\"widget\" data-widget_type=\"heading.default\">\n\t\t\t\t\t<h2 class=\"elementor-heading-title elementor-size-default\"><a href=\"https:\/\/booking.avirato.com\/?code=49919346\">Oferta web a partir 5% tots els apartaments<\/a><\/h2>\t\t\t\t<\/div>\n\t\t\t\t\t<\/div>\n\t\t<\/div>\n\t\t\t\t\t<\/div>\n\t\t<\/section>\n\t\t\t\t<section class=\"elementor-section elementor-top-section elementor-element elementor-element-e5f0bbb elementor-reverse-tablet elementor-reverse-mobile elementor-section-boxed elementor-section-height-default elementor-section-height-default\" data-id=\"e5f0bbb\" data-element_type=\"section\" data-e-type=\"section\" data-settings=\"{&quot;background_background&quot;:&quot;classic&quot;}\">\n\t\t\t\t\t\t<div class=\"elementor-container elementor-column-gap-extended\">\n\t\t\t\t\t<div class=\"elementor-column elementor-col-50 elementor-top-column elementor-element elementor-element-916cd4b\" data-id=\"916cd4b\" data-element_type=\"column\" data-e-type=\"column\">\n\t\t\t<div class=\"elementor-widget-wrap elementor-element-populated\">\n\t\t\t\t\t\t<div class=\"elementor-element elementor-element-92d694f elementor-widget__width-inherit elementor-widget-mobile__width-inherit elementor-widget elementor-widget-image-box\" data-id=\"92d694f\" data-element_type=\"widget\" data-e-type=\"widget\" data-widget_type=\"image-box.default\">\n\t\t\t\t\t<div class=\"elementor-image-box-wrapper\"><div class=\"elementor-image-box-content\"><h2 class=\"elementor-image-box-title\">Menorca, un entorn privilegiat<\/h2><\/div><\/div>\t\t\t\t<\/div>\n\t\t\t\t<div class=\"elementor-element elementor-element-6eb1c75 elementor-widget elementor-widget-text-editor\" data-id=\"6eb1c75\" data-element_type=\"widget\" data-e-type=\"widget\" data-widget_type=\"text-editor.default\">\n\t\t\t\t\t\t\t\t\t<p>Menorca \u00e9s un dels paradisos de la Mediterr\u00e0nia occidental, una perla banyada per un mar pl\u00e0cid i protegida per un clima amable. Una banda crom\u00e0tica infinita permet veure com es confonen el blau del cel amb el turquesa de les aig\u00fces, el verd fosc dels boscos, el marr\u00f3 de les roques i el blanc de les platges.<\/p><p>Amb 216 quil\u00f2metres de costa, Menorca compta amb m\u00e9s de 70 platges, de fina sorra blanca al sud i de vermellosos tons a les m\u00e9s agrestes cales del nord i una infinitat de petites cales sorrenques i rocoses. La seva varietat geol\u00f2gica la converteix en un paratge d&#039;indubtable bellesa en qu\u00e8 contrasten salvatges penya-segats amb suaus sorrals.<\/p>\t\t\t\t\t\t\t\t<\/div>\n\t\t\t\t\t<\/div>\n\t\t<\/div>\n\t\t\t\t<div class=\"elementor-column elementor-col-50 elementor-top-column elementor-element elementor-element-53fc916\" data-id=\"53fc916\" data-element_type=\"column\" data-e-type=\"column\">\n\t\t\t<div class=\"elementor-widget-wrap elementor-element-populated\">\n\t\t\t\t\t\t<div class=\"elementor-element elementor-element-32581ed elementor-widget elementor-widget-image\" data-id=\"32581ed\" data-element_type=\"widget\" data-e-type=\"widget\" data-widget_type=\"image.default\">\n\t\t\t\t\t\t\t\t\t\t\t\t\t\t\t<img loading=\"lazy\" decoding=\"async\" width=\"1024\" height=\"766\" src=\"https:\/\/nelvaresort.com\/wp-content\/uploads\/2023\/09\/macarella-menorca.webp\" class=\"attachment-large size-large wp-image-3342\" alt=\"cala macarella\" srcset=\"https:\/\/nelvaresort.com\/wp-content\/uploads\/2023\/09\/macarella-menorca.webp 1024w, https:\/\/nelvaresort.com\/wp-content\/uploads\/2023\/09\/macarella-menorca-300x224.webp 300w, https:\/\/nelvaresort.com\/wp-content\/uploads\/2023\/09\/macarella-menorca-768x575.webp 768w, https:\/\/nelvaresort.com\/wp-content\/uploads\/2023\/09\/macarella-menorca-16x12.webp 16w, https:\/\/nelvaresort.com\/wp-content\/uploads\/2023\/09\/macarella-menorca-600x449.webp 600w\" sizes=\"auto, (max-width: 1024px) 100vw, 1024px\" \/>\t\t\t\t\t\t\t\t\t\t\t\t\t\t\t<\/div>\n\t\t\t\t\t<\/div>\n\t\t<\/div>\n\t\t\t\t\t<\/div>\n\t\t<\/section>\n\t\t\t\t<section class=\"elementor-section elementor-top-section elementor-element elementor-element-5475674 elementor-section-boxed elementor-section-height-default elementor-section-height-default\" data-id=\"5475674\" data-element_type=\"section\" data-e-type=\"section\">\n\t\t\t\t\t\t<div class=\"elementor-container elementor-column-gap-default\">\n\t\t\t\t\t<div class=\"elementor-column elementor-col-50 elementor-top-column elementor-element elementor-element-6f08e9b\" data-id=\"6f08e9b\" data-element_type=\"column\" data-e-type=\"column\">\n\t\t\t<div class=\"elementor-widget-wrap elementor-element-populated\">\n\t\t\t\t\t\t<div class=\"elementor-element elementor-element-49ec837 elementor-widget elementor-widget-text-editor\" data-id=\"49ec837\" data-element_type=\"widget\" data-e-type=\"widget\" data-widget_type=\"text-editor.default\">\n\t\t\t\t\t\t\t\t\t<p>A m\u00e9s, els ports ens mostren una tradici\u00f3 marinera que segueix com a mitj\u00e0 de vida per a molts i com a diversi\u00f3 navegant per a altres. Menorca viu de cara al mar i els seus fars repartits per la seva geografia ens ho recorden.<\/p><p>Tot aquest paisatge acull amb alegria els viatgers i s&#039;adapta a les vostres necessitats. Les fam\u00edlies troben aqu\u00ed un turisme ple de propostes i facilitats per gaudir amb nens. De la mateixa manera, les parelles o grups d&#039;amics poden gaudir d&#039;un animat lleure nocturn com a colof\u00f3 a un dia de platja i excursions.<\/p>\t\t\t\t\t\t\t\t<\/div>\n\t\t\t\t<div class=\"elementor-element elementor-element-9ace2a9 elementor-widget elementor-widget-image\" data-id=\"9ace2a9\" data-element_type=\"widget\" data-e-type=\"widget\" data-widget_type=\"image.default\">\n\t\t\t\t\t\t\t\t\t\t\t\t\t\t\t<img loading=\"lazy\" decoding=\"async\" width=\"1024\" height=\"683\" src=\"https:\/\/nelvaresort.com\/wp-content\/uploads\/2023\/09\/cala-macarelleta-menorca-1024x683-1.jpg\" class=\"attachment-large size-large wp-image-3338\" alt=\"menorca\" srcset=\"https:\/\/nelvaresort.com\/wp-content\/uploads\/2023\/09\/cala-macarelleta-menorca-1024x683-1.jpg.webp 1024w, https:\/\/nelvaresort.com\/wp-content\/uploads\/2023\/09\/cala-macarelleta-menorca-1024x683-1-300x200.jpg.webp 300w, https:\/\/nelvaresort.com\/wp-content\/uploads\/2023\/09\/cala-macarelleta-menorca-1024x683-1-768x512.jpg.webp 768w, https:\/\/nelvaresort.com\/wp-content\/uploads\/2023\/09\/cala-macarelleta-menorca-1024x683-1-18x12.jpg.webp 18w, https:\/\/nelvaresort.com\/wp-content\/uploads\/2023\/09\/cala-macarelleta-menorca-1024x683-1-600x400.jpg.webp 600w\" sizes=\"auto, (max-width: 1024px) 100vw, 1024px\" \/>\t\t\t\t\t\t\t\t\t\t\t\t\t\t\t<\/div>\n\t\t\t\t<div class=\"elementor-element elementor-element-02d0033 elementor-widget elementor-widget-heading\" data-id=\"02d0033\" data-element_type=\"widget\" data-e-type=\"widget\" data-widget_type=\"heading.default\">\n\t\t\t\t\t<p class=\"elementor-heading-title elementor-size-default\">Cala Macarelleta<\/p>\t\t\t\t<\/div>\n\t\t\t\t\t<\/div>\n\t\t<\/div>\n\t\t\t\t<div class=\"elementor-column elementor-col-50 elementor-top-column elementor-element elementor-element-84af94e\" data-id=\"84af94e\" data-element_type=\"column\" data-e-type=\"column\">\n\t\t\t<div class=\"elementor-widget-wrap elementor-element-populated\">\n\t\t\t\t\t\t<div class=\"elementor-element elementor-element-b0a8305 elementor-widget elementor-widget-image\" data-id=\"b0a8305\" data-element_type=\"widget\" data-e-type=\"widget\" data-widget_type=\"image.default\">\n\t\t\t\t\t\t\t\t\t\t\t\t\t\t\t<img loading=\"lazy\" decoding=\"async\" width=\"1024\" height=\"576\" src=\"https:\/\/nelvaresort.com\/wp-content\/uploads\/2023\/09\/menorca-nelva-resort-2-1024x576-1.jpg\" class=\"attachment-large size-large wp-image-3341\" alt=\"\" srcset=\"https:\/\/nelvaresort.com\/wp-content\/uploads\/2023\/09\/menorca-nelva-resort-2-1024x576-1.jpg.webp 1024w, https:\/\/nelvaresort.com\/wp-content\/uploads\/2023\/09\/menorca-nelva-resort-2-1024x576-1-300x169.jpg.webp 300w, https:\/\/nelvaresort.com\/wp-content\/uploads\/2023\/09\/menorca-nelva-resort-2-1024x576-1-768x432.jpg.webp 768w, https:\/\/nelvaresort.com\/wp-content\/uploads\/2023\/09\/menorca-nelva-resort-2-1024x576-1-18x10.jpg.webp 18w, https:\/\/nelvaresort.com\/wp-content\/uploads\/2023\/09\/menorca-nelva-resort-2-1024x576-1-600x338.jpg.webp 600w\" sizes=\"auto, (max-width: 1024px) 100vw, 1024px\" \/>\t\t\t\t\t\t\t\t\t\t\t\t\t\t\t<\/div>\n\t\t\t\t<div class=\"elementor-element elementor-element-1db8a7d elementor-widget elementor-widget-image\" data-id=\"1db8a7d\" data-element_type=\"widget\" data-e-type=\"widget\" data-widget_type=\"image.default\">\n\t\t\t\t\t\t\t\t\t\t\t\t\t\t\t<img loading=\"lazy\" decoding=\"async\" width=\"1024\" height=\"683\" src=\"https:\/\/nelvaresort.com\/wp-content\/uploads\/2023\/09\/faro-favaritx.webp\" class=\"attachment-large size-large wp-image-3340\" alt=\"\" srcset=\"https:\/\/nelvaresort.com\/wp-content\/uploads\/2023\/09\/faro-favaritx.webp 1024w, https:\/\/nelvaresort.com\/wp-content\/uploads\/2023\/09\/faro-favaritx-300x200.webp 300w, https:\/\/nelvaresort.com\/wp-content\/uploads\/2023\/09\/faro-favaritx-768x512.webp 768w, https:\/\/nelvaresort.com\/wp-content\/uploads\/2023\/09\/faro-favaritx-18x12.webp 18w, https:\/\/nelvaresort.com\/wp-content\/uploads\/2023\/09\/faro-favaritx-600x400.webp 600w\" sizes=\"auto, (max-width: 1024px) 100vw, 1024px\" \/>\t\t\t\t\t\t\t\t\t\t\t\t\t\t\t<\/div>\n\t\t\t\t<div class=\"elementor-element elementor-element-e195439 elementor-widget elementor-widget-heading\" data-id=\"e195439\" data-element_type=\"widget\" data-e-type=\"widget\" data-widget_type=\"heading.default\">\n\t\t\t\t\t<p class=\"elementor-heading-title elementor-size-default\">Far de Favaritx<\/p>\t\t\t\t<\/div>\n\t\t\t\t\t<\/div>\n\t\t<\/div>\n\t\t\t\t\t<\/div>\n\t\t<\/section>\n\t\t\t\t<section class=\"elementor-section elementor-top-section elementor-element elementor-element-3445380 elementor-section-boxed elementor-section-height-default elementor-section-height-default\" data-id=\"3445380\" data-element_type=\"section\" data-e-type=\"section\">\n\t\t\t\t\t\t<div class=\"elementor-container elementor-column-gap-default\">\n\t\t\t\t\t<div class=\"elementor-column elementor-col-100 elementor-top-column elementor-element elementor-element-7ae3779\" data-id=\"7ae3779\" data-element_type=\"column\" data-e-type=\"column\">\n\t\t\t<div class=\"elementor-widget-wrap elementor-element-populated\">\n\t\t\t\t\t\t<div class=\"elementor-element elementor-element-6f2e6e4 elementor-widget elementor-widget-heading\" data-id=\"6f2e6e4\" data-element_type=\"widget\" data-e-type=\"widget\" data-widget_type=\"heading.default\">\n\t\t\t\t\t<h2 class=\"elementor-heading-title elementor-size-default\">Cala&#039;n Porter<\/h2>\t\t\t\t<\/div>\n\t\t\t\t<div class=\"elementor-element elementor-element-d471842 elementor-widget elementor-widget-text-editor\" data-id=\"d471842\" data-element_type=\"widget\" data-e-type=\"widget\" data-widget_type=\"text-editor.default\">\n\t\t\t\t\t\t\t\t\t<div class=\"wp-block-column is-vertically-aligned-bottom is-layout-flow\"><p>Est\u00e0 ubicada al centre de l&#039;illa de Menorca a 10 minuts de l&#039;aeroport. La urbanitzaci\u00f3 de Cala&#039;n Porter disposa de tots els serveis per gaudir d&#039;unes vacances inoblidables. Compte amb multitud de bars i restaurants de tot tipus, supermercats, botigues, parcs infantils, zones de passeig.<\/p><p>Compta amb una destacada animaci\u00f3 nocturna, amb nombrosos bars i restaurants, i tamb\u00e9 s&#039;hi troba l&#039;espectacular discoteca Cova d&#039;en Xoroi, un dels enclavaments m\u00e9s visitats de l&#039;illa.<\/p><p>A tot aix\u00f2 cal afegir-hi una de les platges m\u00e9s espectaculars de l&#039;illa. El seu empla\u00e7ament entre grans penya-segats, la seva aigua blava i la seva sorra blanca fan de la platja de Cala&#039;n Porter una de les cales m\u00e9s fascinants de Menorca. A causa de la seva situaci\u00f3, \u00e9s una de les cales m\u00e9s netes i tranquil\u00b7les de Menorca. Tot just t\u00e9 pendent i banyar-s&#039;hi \u00e9s com relaxar-se en una gran piscina.<\/p><\/div><div class=\"wp-block-column is-vertically-aligned-top is-layout-flow\">\u00a0<\/div>\t\t\t\t\t\t\t\t<\/div>\n\t\t\t\t<section class=\"elementor-section elementor-inner-section elementor-element elementor-element-c874776 elementor-section-boxed elementor-section-height-default elementor-section-height-default\" data-id=\"c874776\" data-element_type=\"section\" data-e-type=\"section\">\n\t\t\t\t\t\t<div class=\"elementor-container elementor-column-gap-default\">\n\t\t\t\t\t<div class=\"elementor-column elementor-col-50 elementor-inner-column elementor-element elementor-element-2611058\" data-id=\"2611058\" data-element_type=\"column\" data-e-type=\"column\">\n\t\t\t<div class=\"elementor-widget-wrap elementor-element-populated\">\n\t\t\t\t\t\t<div class=\"elementor-element elementor-element-f6e0f4a elementor-widget elementor-widget-image\" data-id=\"f6e0f4a\" data-element_type=\"widget\" data-e-type=\"widget\" data-widget_type=\"image.default\">\n\t\t\t\t\t\t\t\t\t\t\t\t\t\t\t<img loading=\"lazy\" decoding=\"async\" width=\"1020\" height=\"765\" src=\"https:\/\/nelvaresort.com\/wp-content\/uploads\/2023\/09\/nelva-resort-calan-porter-menorca.jpg\" class=\"attachment-large size-large wp-image-3334\" alt=\"cala porter a menorca\" srcset=\"https:\/\/nelvaresort.com\/wp-content\/uploads\/2023\/09\/nelva-resort-calan-porter-menorca.jpg.webp 1020w, https:\/\/nelvaresort.com\/wp-content\/uploads\/2023\/09\/nelva-resort-calan-porter-menorca-300x225.jpg.webp 300w, https:\/\/nelvaresort.com\/wp-content\/uploads\/2023\/09\/nelva-resort-calan-porter-menorca-768x576.jpg.webp 768w, https:\/\/nelvaresort.com\/wp-content\/uploads\/2023\/09\/nelva-resort-calan-porter-menorca-16x12.jpg.webp 16w, https:\/\/nelvaresort.com\/wp-content\/uploads\/2023\/09\/nelva-resort-calan-porter-menorca-600x450.jpg.webp 600w\" sizes=\"auto, (max-width: 1020px) 100vw, 1020px\" \/>\t\t\t\t\t\t\t\t\t\t\t\t\t\t\t<\/div>\n\t\t\t\t\t<\/div>\n\t\t<\/div>\n\t\t\t\t<div class=\"elementor-column elementor-col-50 elementor-inner-column elementor-element elementor-element-41ccd6e\" data-id=\"41ccd6e\" data-element_type=\"column\" data-e-type=\"column\">\n\t\t\t<div class=\"elementor-widget-wrap elementor-element-populated\">\n\t\t\t\t\t\t<div class=\"elementor-element elementor-element-e7199d5 elementor-widget elementor-widget-image\" data-id=\"e7199d5\" data-element_type=\"widget\" data-e-type=\"widget\" data-widget_type=\"image.default\">\n\t\t\t\t\t\t\t\t\t\t\t\t\t\t\t<img loading=\"lazy\" decoding=\"async\" width=\"1024\" height=\"575\" src=\"https:\/\/nelvaresort.com\/wp-content\/uploads\/2023\/09\/1482-131283-e1664789412397-1024x575-1.jpg\" class=\"attachment-large size-large wp-image-3337\" alt=\"\" srcset=\"https:\/\/nelvaresort.com\/wp-content\/uploads\/2023\/09\/1482-131283-e1664789412397-1024x575-1.jpg.webp 1024w, https:\/\/nelvaresort.com\/wp-content\/uploads\/2023\/09\/1482-131283-e1664789412397-1024x575-1-300x168.jpg.webp 300w, https:\/\/nelvaresort.com\/wp-content\/uploads\/2023\/09\/1482-131283-e1664789412397-1024x575-1-768x431.jpg.webp 768w, https:\/\/nelvaresort.com\/wp-content\/uploads\/2023\/09\/1482-131283-e1664789412397-1024x575-1-18x10.jpg.webp 18w, https:\/\/nelvaresort.com\/wp-content\/uploads\/2023\/09\/1482-131283-e1664789412397-1024x575-1-600x337.jpg.webp 600w\" sizes=\"auto, (max-width: 1024px) 100vw, 1024px\" \/>\t\t\t\t\t\t\t\t\t\t\t\t\t\t\t<\/div>\n\t\t\t\t\t<\/div>\n\t\t<\/div>\n\t\t\t\t\t<\/div>\n\t\t<\/section>\n\t\t\t\t\t<\/div>\n\t\t<\/div>\n\t\t\t\t\t<\/div>\n\t\t<\/section>\n\t\t\t\t<section class=\"elementor-section elementor-top-section elementor-element elementor-element-4335c95 elementor-section-height-min-height elementor-section-boxed elementor-section-height-default elementor-section-items-middle\" data-id=\"4335c95\" data-element_type=\"section\" data-e-type=\"section\" data-settings=\"{&quot;background_background&quot;:&quot;classic&quot;}\">\n\t\t\t\t\t\t\t<div class=\"elementor-background-overlay\"><\/div>\n\t\t\t\t\t\t\t<div class=\"elementor-container elementor-column-gap-no\">\n\t\t\t\t\t<div class=\"elementor-column elementor-col-100 elementor-top-column elementor-element elementor-element-f83f174\" data-id=\"f83f174\" data-element_type=\"column\" data-e-type=\"column\">\n\t\t\t<div class=\"elementor-widget-wrap elementor-element-populated\">\n\t\t\t\t\t\t<div class=\"elementor-element elementor-element-db919cc elementor-widget elementor-widget-heading\" data-id=\"db919cc\" data-element_type=\"widget\" data-e-type=\"widget\" data-widget_type=\"heading.default\">\n\t\t\t\t\t<h2 class=\"elementor-heading-title elementor-size-default\">Viu una experi\u00e8ncia inoblidable a Menorca<\/h2>\t\t\t\t<\/div>\n\t\t\t\t<div class=\"elementor-element elementor-element-938eaf6 elementor-widget elementor-widget-text-editor\" data-id=\"938eaf6\" data-element_type=\"widget\" data-e-type=\"widget\" data-widget_type=\"text-editor.default\">\n\t\t\t\t\t\t\t\t\t<p>Descobreix una de les illes amb m\u00e9s encant del mediterrani de la m\u00e0 de Nelva Resorts.<\/p>\t\t\t\t\t\t\t\t<\/div>\n\t\t\t\t<section class=\"elementor-section elementor-inner-section elementor-element elementor-element-0ecf0a8 elementor-section-boxed elementor-section-height-default elementor-section-height-default\" data-id=\"0ecf0a8\" data-element_type=\"section\" data-e-type=\"section\">\n\t\t\t\t\t\t<div class=\"elementor-container elementor-column-gap-default\">\n\t\t\t\t\t<div class=\"elementor-column elementor-col-100 elementor-inner-column elementor-element elementor-element-451971b\" data-id=\"451971b\" data-element_type=\"column\" data-e-type=\"column\">\n\t\t\t<div class=\"elementor-widget-wrap elementor-element-populated\">\n\t\t\t\t\t\t<div class=\"elementor-element elementor-element-20b3c6d elementor-widget elementor-widget-shortcode\" data-id=\"20b3c6d\" data-element_type=\"widget\" data-e-type=\"widget\" data-widget_type=\"shortcode.default\">\n\t\t\t\t\t\t\t<div class=\"elementor-shortcode\">\n\t\t\t<form id=\"sib_signup_form_5\" method=\"post\" class=\"sib_signup_form\" action=\"\">\n\t\t\t\t<div class=\"sib_loader\" style=\"display:none;\"><img\n\t\t\t\t\t\t\tsrc=\"https:\/\/nelvaresort.com\/wp-includes\/images\/spinner.gif\" alt=\"loader\"><\/div>\n\t\t\t\t<input type=\"hidden\" name=\"sib_form_action\" value=\"subscribe_form_submit\">\n\t\t\t\t<input type=\"hidden\" name=\"sib_form_id\" value=\"5\">\n                <input type=\"hidden\" name=\"sib_form_alert_notice\" value=\"Por favor rellene este campo\">\n                <input type=\"hidden\" name=\"sib_form_invalid_email_notice\" value=\"Tu direcci\u00f3n de correo electr\u00f3nico no es v\u00e1lida\">\n                <input type=\"hidden\" name=\"sib_security\" value=\"652a121022\">\n\t\t\t\t<div class=\"sib_signup_box_inside_5\">\n\t\t\t\t\t<div style=\"\/*display:none*\/\" class=\"sib_msg_disp\">\n\t\t\t\t\t<\/div>\n                    \t\t\t\t\t<div style=\"width:100% !important\">\r\n\r\n    <p style=\"display:inline-block\"> \r\n    <label class=\"sib-email-area\"><\/label> \r\n    \r\n    <input placeholder=\"Nom\" type=\"text\" class=\"sib-FIRSTNAME-area\" name=\"NAME\">\r\n<input type=\"email\" class=\"sib-email-area\" name=\"email\" placeholder=\"Correu electr\u00f2nic\" value=\"\" required=\"required\"> \r\n<\/p>\r\n<p>\r\n<p> \r\n    <label class=\"sib-IDIOMA-area\"><\/label> \r\n    <input id=\"idioma-input\" type=\"text\" class=\"sib-IDIOMA-area\" name=\"IDIOMA\" value=\"es\" required=\"required\"> \r\n<\/p>\r\n<input type=\"checkbox\" name=\"terms\" required=\"required\"> <span style=\"color: #ffffff\">Accepto els<a href=\"https:\/\/nelvaresort.com\/ca\/politica-de-privacidad\/\"> termes i condicions<\/a>\r\n<\/p><p>\r\n\r\n  <input type=\"submit\" class=\"sib-default-btn\" value=\"Subscriure\">\r\n<\/p>\r\n<\/div>\t\t\t\t<\/div>\n\t\t\t<input type=\"hidden\" name=\"trp-form-language\" value=\"ca\"\/><\/form>\n\t\t\t<style>\n\t\t\t\tform#sib_signup_form_5 p.sib-alert-message {\n    padding: 6px 12px;\n    margin-bottom: 20px;\n    border: 1px solid transparent;\n    border-radius: 4px;\n    -webkit-box-sizing: border-box;\n    -moz-box-sizing: border-box;\n    box-sizing: border-box;\n}\nform#sib_signup_form_5 p.sib-alert-message-error {\n    background-color: #f2dede;\n    border-color: #ebccd1;\n    color: #a94442;\n}\nform#sib_signup_form_5 p.sib-alert-message-success {\n    background-color: #dff0d8;\n    border-color: #d6e9c6;\n    color: #3c763d;\n}\nform#sib_signup_form_5 p.sib-alert-message-warning {\n    background-color: #fcf8e3;\n    border-color: #faebcc;\n    color: #8a6d3b;\n}\n\t\t\t<\/style>\n\t\t\t<\/div>\n\t\t\t\t\t\t<\/div>\n\t\t\t\t\t<\/div>\n\t\t<\/div>\n\t\t\t\t\t<\/div>\n\t\t<\/section>\n\t\t\t\t\t<\/div>\n\t\t<\/div>\n\t\t\t\t\t<\/div>\n\t\t<\/section>\n\t\t\t\t<\/div>","protected":false},"excerpt":{"rendered":"<p>Qu\u00e9 ver en Menorca Un entorno privilegiado, descubre la oferta de uno de los paraisos del mediterraneo Oferta web a partir 5% todos los apartamentos Menorca, un entorno privilegiado Menorca es uno de los para\u00edsos del Mediterr\u00e1neo occidental, una perla ba\u00f1ada por un mar apacible y protegida por un clima amable. Una banda crom\u00e1tica infinita [&hellip;]<\/p>\n","protected":false},"author":1,"featured_media":0,"parent":0,"menu_order":0,"comment_status":"closed","ping_status":"closed","template":"","meta":{"site-sidebar-layout":"no-sidebar","site-content-layout":"page-builder","ast-site-content-layout":"full-width-container","site-content-style":"unboxed","site-sidebar-style":"unboxed","ast-global-header-display":"","ast-banner-title-visibility":"","ast-main-header-display":"","ast-hfb-above-header-display":"","ast-hfb-below-header-display":"","ast-hfb-mobile-header-display":"","site-post-title":"disabled","ast-breadcrumbs-content":"","ast-featured-img":"disabled","footer-sml-layout":"","theme-transparent-header-meta":"enabled","adv-header-id-meta":"","stick-header-meta":"","header-above-stick-meta":"","header-main-stick-meta":"","header-below-stick-meta":"","astra-migrate-meta-layouts":"set","ast-page-background-enabled":"default","ast-page-background-meta":{"desktop":{"background-color":"","background-image":"","background-repeat":"repeat","background-position":"center center","background-size":"auto","background-attachment":"scroll","background-type":"","background-media":"","overlay-type":"","overlay-color":"","overlay-opacity":"","overlay-gradient":""},"tablet":{"background-color":"","background-image":"","background-repeat":"repeat","background-position":"center center","background-size":"auto","background-attachment":"scroll","background-type":"","background-media":"","overlay-type":"","overlay-color":"","overlay-opacity":"","overlay-gradient":""},"mobile":{"background-color":"","background-image":"","background-repeat":"repeat","background-position":"center center","background-size":"auto","background-attachment":"scroll","background-type":"","background-media":"","overlay-type":"","overlay-color":"","overlay-opacity":"","overlay-gradient":""}},"ast-content-background-meta":{"desktop":{"background-color":"var(--ast-global-color-5)","background-image":"","background-repeat":"repeat","background-position":"center center","background-size":"auto","background-attachment":"scroll","background-type":"","background-media":"","overlay-type":"","overlay-color":"","overlay-opacity":"","overlay-gradient":""},"tablet":{"background-color":"var(--ast-global-color-5)","background-image":"","background-repeat":"repeat","background-position":"center center","background-size":"auto","background-attachment":"scroll","background-type":"","background-media":"","overlay-type":"","overlay-color":"","overlay-opacity":"","overlay-gradient":""},"mobile":{"background-color":"var(--ast-global-color-5)","background-image":"","background-repeat":"repeat","background-position":"center center","background-size":"auto","background-attachment":"scroll","background-type":"","background-media":"","overlay-type":"","overlay-color":"","overlay-opacity":"","overlay-gradient":""}},"footnotes":""},"class_list":["post-2889","page","type-page","status-publish","hentry"],"yoast_head":"<!-- This site is optimized with the Yoast SEO plugin v26.6 - https:\/\/yoast.com\/wordpress\/plugins\/seo\/ -->\n<title>Qu\u00e9 ver en Menorca: lugares imprescindibles de la isla<\/title>\n<meta name=\"description\" content=\"Descubre qu\u00e9 ver en Menorca: calas, faros, pueblos con encanto y rutas imprescindibles para disfrutar la isla durante tu estancia en Nelva Resort.\" \/>\n<meta name=\"robots\" content=\"index, follow, max-snippet:-1, max-image-preview:large, max-video-preview:-1\" \/>\n<link rel=\"canonical\" href=\"https:\/\/nelvaresort.com\/ca\/que-ver-en-menorca\/\" \/>\n<meta property=\"og:locale\" content=\"ca_ES\" \/>\n<meta property=\"og:type\" content=\"article\" \/>\n<meta property=\"og:title\" content=\"Qu\u00e9 ver en Menorca: lugares imprescindibles de la isla\" \/>\n<meta property=\"og:description\" content=\"Descubre qu\u00e9 ver en Menorca: calas, faros, pueblos con encanto y rutas imprescindibles para disfrutar la isla durante tu estancia en Nelva Resort.\" \/>\n<meta property=\"og:url\" content=\"https:\/\/nelvaresort.com\/ca\/que-ver-en-menorca\/\" \/>\n<meta property=\"og:site_name\" content=\"Nelva Resort | Apartamentos en Menorca | Web Oficial\" \/>\n<meta property=\"article:publisher\" content=\"https:\/\/www.facebook.com\/NelvaResortMenorca\" \/>\n<meta property=\"article:modified_time\" content=\"2025-12-04T15:32:45+00:00\" \/>\n<meta property=\"og:image\" content=\"https:\/\/nelvaresort.com\/wp-content\/uploads\/2023\/09\/cala-macarelleta-menorca-1024x683-1.jpg\" \/>\n<meta name=\"twitter:card\" content=\"summary_large_image\" \/>\n<meta name=\"twitter:label1\" content=\"Temps estimat de lectura\" \/>\n\t<meta name=\"twitter:data1\" content=\"4 minuts\" \/>\n<script type=\"application\/ld+json\" class=\"yoast-schema-graph\">{\"@context\":\"https:\/\/schema.org\",\"@graph\":[{\"@type\":\"WebPage\",\"@id\":\"https:\/\/nelvaresort.com\/que-ver-en-menorca\/\",\"url\":\"https:\/\/nelvaresort.com\/que-ver-en-menorca\/\",\"name\":\"Qu\u00e9 ver en Menorca: lugares imprescindibles de la isla\",\"isPartOf\":{\"@id\":\"https:\/\/nelvaresort.com\/#website\"},\"primaryImageOfPage\":{\"@id\":\"https:\/\/nelvaresort.com\/que-ver-en-menorca\/#primaryimage\"},\"image\":{\"@id\":\"https:\/\/nelvaresort.com\/que-ver-en-menorca\/#primaryimage\"},\"thumbnailUrl\":\"https:\/\/nelvaresort.com\/wp-content\/uploads\/2023\/09\/cala-macarelleta-menorca-1024x683-1.jpg\",\"datePublished\":\"2023-06-09T07:49:09+00:00\",\"dateModified\":\"2025-12-04T15:32:45+00:00\",\"description\":\"Descubre qu\u00e9 ver en Menorca: calas, faros, pueblos con encanto y rutas imprescindibles para disfrutar la isla durante tu estancia en Nelva Resort.\",\"breadcrumb\":{\"@id\":\"https:\/\/nelvaresort.com\/que-ver-en-menorca\/#breadcrumb\"},\"inLanguage\":\"ca\",\"potentialAction\":[{\"@type\":\"ReadAction\",\"target\":[\"https:\/\/nelvaresort.com\/que-ver-en-menorca\/\"]}]},{\"@type\":\"ImageObject\",\"inLanguage\":\"ca\",\"@id\":\"https:\/\/nelvaresort.com\/que-ver-en-menorca\/#primaryimage\",\"url\":\"https:\/\/nelvaresort.com\/wp-content\/uploads\/2023\/09\/cala-macarelleta-menorca-1024x683-1.jpg\",\"contentUrl\":\"https:\/\/nelvaresort.com\/wp-content\/uploads\/2023\/09\/cala-macarelleta-menorca-1024x683-1.jpg\"},{\"@type\":\"BreadcrumbList\",\"@id\":\"https:\/\/nelvaresort.com\/que-ver-en-menorca\/#breadcrumb\",\"itemListElement\":[{\"@type\":\"ListItem\",\"position\":1,\"name\":\"Portada\",\"item\":\"https:\/\/nelvaresort.com\/\"},{\"@type\":\"ListItem\",\"position\":2,\"name\":\"Entorno\"}]},{\"@type\":\"WebSite\",\"@id\":\"https:\/\/nelvaresort.com\/#website\",\"url\":\"https:\/\/nelvaresort.com\/\",\"name\":\"Aparthotel en Menorca | Nelva Resort\",\"description\":\"Apartamentos en Menorca al mejor precio. Aparthotel ubicado en la playa de Cala\u2019n Porter de Menorca. Reserva aqu\u00ed.\",\"publisher\":{\"@id\":\"https:\/\/nelvaresort.com\/#organization\"},\"potentialAction\":[{\"@type\":\"SearchAction\",\"target\":{\"@type\":\"EntryPoint\",\"urlTemplate\":\"https:\/\/nelvaresort.com\/?s={search_term_string}\"},\"query-input\":{\"@type\":\"PropertyValueSpecification\",\"valueRequired\":true,\"valueName\":\"search_term_string\"}}],\"inLanguage\":\"ca\"},{\"@type\":\"Organization\",\"@id\":\"https:\/\/nelvaresort.com\/#organization\",\"name\":\"Aparthotel en Menorca | Nelva Resort\",\"url\":\"https:\/\/nelvaresort.com\/\",\"logo\":{\"@type\":\"ImageObject\",\"inLanguage\":\"ca\",\"@id\":\"https:\/\/nelvaresort.com\/#\/schema\/logo\/image\/\",\"url\":\"https:\/\/nelvaresort.com\/wp-content\/uploads\/2023\/06\/nelva-resort-logo.png\",\"contentUrl\":\"https:\/\/nelvaresort.com\/wp-content\/uploads\/2023\/06\/nelva-resort-logo.png\",\"width\":709,\"height\":709,\"caption\":\"Aparthotel en Menorca | Nelva Resort\"},\"image\":{\"@id\":\"https:\/\/nelvaresort.com\/#\/schema\/logo\/image\/\"},\"sameAs\":[\"https:\/\/www.facebook.com\/NelvaResortMenorca\",\"https:\/\/www.instagram.com\/nelvaresortmenorca\/\"]}]}<\/script>\n<!-- \/ Yoast SEO plugin. -->","yoast_head_json":{"title":"Qu\u00e8 veure a Menorca: llocs imprescindibles de l&#039;illa","description":"Descobreix qu\u00e8 veure a Menorca: cales, fars, pobles amb encant i rutes imprescindibles per gaudir de l&#039;illa durant la teva estada a Nelva Resort.","robots":{"index":"index","follow":"follow","max-snippet":"max-snippet:-1","max-image-preview":"max-image-preview:large","max-video-preview":"max-video-preview:-1"},"canonical":"https:\/\/nelvaresort.com\/ca\/que-ver-en-menorca\/","og_locale":"ca_ES","og_type":"article","og_title":"Qu\u00e9 ver en Menorca: lugares imprescindibles de la isla","og_description":"Descubre qu\u00e9 ver en Menorca: calas, faros, pueblos con encanto y rutas imprescindibles para disfrutar la isla durante tu estancia en Nelva Resort.","og_url":"https:\/\/nelvaresort.com\/ca\/que-ver-en-menorca\/","og_site_name":"Nelva Resort | Apartamentos en Menorca | Web Oficial","article_publisher":"https:\/\/www.facebook.com\/NelvaResortMenorca","article_modified_time":"2025-12-04T15:32:45+00:00","og_image":[{"url":"https:\/\/nelvaresort.com\/wp-content\/uploads\/2023\/09\/cala-macarelleta-menorca-1024x683-1.jpg","type":"","width":"","height":""}],"twitter_card":"summary_large_image","twitter_misc":{"Temps estimat de lectura":"4 minuts"},"schema":{"@context":"https:\/\/schema.org","@graph":[{"@type":"WebPage","@id":"https:\/\/nelvaresort.com\/que-ver-en-menorca\/","url":"https:\/\/nelvaresort.com\/que-ver-en-menorca\/","name":"Qu\u00e8 veure a Menorca: llocs imprescindibles de l&#039;illa","isPartOf":{"@id":"https:\/\/nelvaresort.com\/#website"},"primaryImageOfPage":{"@id":"https:\/\/nelvaresort.com\/que-ver-en-menorca\/#primaryimage"},"image":{"@id":"https:\/\/nelvaresort.com\/que-ver-en-menorca\/#primaryimage"},"thumbnailUrl":"https:\/\/nelvaresort.com\/wp-content\/uploads\/2023\/09\/cala-macarelleta-menorca-1024x683-1.jpg","datePublished":"2023-06-09T07:49:09+00:00","dateModified":"2025-12-04T15:32:45+00:00","description":"Descobreix qu\u00e8 veure a Menorca: cales, fars, pobles amb encant i rutes imprescindibles per gaudir de l&#039;illa durant la teva estada a Nelva Resort.","breadcrumb":{"@id":"https:\/\/nelvaresort.com\/que-ver-en-menorca\/#breadcrumb"},"inLanguage":"ca","potentialAction":[{"@type":"ReadAction","target":["https:\/\/nelvaresort.com\/que-ver-en-menorca\/"]}]},{"@type":"ImageObject","inLanguage":"ca","@id":"https:\/\/nelvaresort.com\/que-ver-en-menorca\/#primaryimage","url":"https:\/\/nelvaresort.com\/wp-content\/uploads\/2023\/09\/cala-macarelleta-menorca-1024x683-1.jpg","contentUrl":"https:\/\/nelvaresort.com\/wp-content\/uploads\/2023\/09\/cala-macarelleta-menorca-1024x683-1.jpg"},{"@type":"BreadcrumbList","@id":"https:\/\/nelvaresort.com\/que-ver-en-menorca\/#breadcrumb","itemListElement":[{"@type":"ListItem","position":1,"name":"Portada","item":"https:\/\/nelvaresort.com\/"},{"@type":"ListItem","position":2,"name":"Entorno"}]},{"@type":"WebSite","@id":"https:\/\/nelvaresort.com\/#website","url":"https:\/\/nelvaresort.com\/","name":"Apartahotel a Menorca | Nelva Resort","description":"Apartaments a Menorca al millor preu. Aparthotel ubicat a la platja de Cala&#039;n Porter de Menorca. Reserva aqu\u00ed.","publisher":{"@id":"https:\/\/nelvaresort.com\/#organization"},"potentialAction":[{"@type":"SearchAction","target":{"@type":"EntryPoint","urlTemplate":"https:\/\/nelvaresort.com\/?s={search_term_string}"},"query-input":{"@type":"PropertyValueSpecification","valueRequired":true,"valueName":"search_term_string"}}],"inLanguage":"ca"},{"@type":"Organization","@id":"https:\/\/nelvaresort.com\/#organization","name":"Apartahotel a Menorca | Nelva Resort","url":"https:\/\/nelvaresort.com\/","logo":{"@type":"ImageObject","inLanguage":"ca","@id":"https:\/\/nelvaresort.com\/#\/schema\/logo\/image\/","url":"https:\/\/nelvaresort.com\/wp-content\/uploads\/2023\/06\/nelva-resort-logo.png","contentUrl":"https:\/\/nelvaresort.com\/wp-content\/uploads\/2023\/06\/nelva-resort-logo.png","width":709,"height":709,"caption":"Aparthotel en Menorca | Nelva Resort"},"image":{"@id":"https:\/\/nelvaresort.com\/#\/schema\/logo\/image\/"},"sameAs":["https:\/\/www.facebook.com\/NelvaResortMenorca","https:\/\/www.instagram.com\/nelvaresortmenorca\/"]}]}},"_links":{"self":[{"href":"https:\/\/nelvaresort.com\/ca\/wp-json\/wp\/v2\/pages\/2889","targetHints":{"allow":["GET"]}}],"collection":[{"href":"https:\/\/nelvaresort.com\/ca\/wp-json\/wp\/v2\/pages"}],"about":[{"href":"https:\/\/nelvaresort.com\/ca\/wp-json\/wp\/v2\/types\/page"}],"author":[{"embeddable":true,"href":"https:\/\/nelvaresort.com\/ca\/wp-json\/wp\/v2\/users\/1"}],"replies":[{"embeddable":true,"href":"https:\/\/nelvaresort.com\/ca\/wp-json\/wp\/v2\/comments?post=2889"}],"version-history":[{"count":16,"href":"https:\/\/nelvaresort.com\/ca\/wp-json\/wp\/v2\/pages\/2889\/revisions"}],"predecessor-version":[{"id":4392,"href":"https:\/\/nelvaresort.com\/ca\/wp-json\/wp\/v2\/pages\/2889\/revisions\/4392"}],"wp:attachment":[{"href":"https:\/\/nelvaresort.com\/ca\/wp-json\/wp\/v2\/media?parent=2889"}],"curies":[{"name":"wp","href":"https:\/\/api.w.org\/{rel}","templated":true}]}}